{"id":18728,"date":"2026-03-18T20:27:46","date_gmt":"2026-03-18T20:27:46","guid":{"rendered":"https:\/\/globalhungary.hu\/index.php\/property\/akadalymentes-csaladihaz-kiralyerdon\/"},"modified":"2026-04-14T08:00:40","modified_gmt":"2026-04-14T08:00:40","slug":"akadalymentes-csaladihaz-kiralyerdon","status":"publish","type":"property","link":"https:\/\/globalhungary.hu\/index.php\/property\/akadalymentes-csaladihaz-kiralyerdon\/","title":{"rendered":"Akad\u00e1lymentes csal\u00e1dih\u00e1z Kir\u00e1lyerd\u0151n!"},"content":{"rendered":"<p><span style=\"background-color:rgb(255,255,255);color:rgb(16,17,19);\"><span style=\"-webkit-text-stroke-width:0px;display:inline !important;float:none;font-family:&quot;IBM Plex Sans&quot;, sans-serif;font-size:16px;font-style:normal;font-variant-caps:normal;font-variant-ligatures:normal;font-weight:400;letter-spacing:normal;orphans:2;text-align:start;text-decoration-color:initial;text-decoration-style:initial;text-decoration-thickness:initial;text-indent:0px;text-transform:none;white-space:normal;widows:2;word-spacing:0px;\">Ingatlancsere &#8211; besz\u00e1m\u00edt\u00e1s lehets\u00e9ges! Aki nem szeretne a fel\u00faj\u00edt\u00e1ssal m\u00e9rgel\u0151dni, nem szeretne sokat l\u00e9pcs\u0151zni \u00e9s azonnal egy berendezett h\u00e1zba k\u00f6lt\u00f6zne, akkor megtal\u00e1lta \u00e1lmai h\u00e1z\u00e1t. Csepelen Kir\u00e1lyerd\u0151n, teljesk\u00f6r\u0171en fel\u00faj\u00edtott csal\u00e1di h\u00e1z gondoz\u00e1smentes rendezett kis kerttel, dupla gar\u00e1zzsal elad\u00f3. Nappali teraszkapcsolattal, k\u00f6rbe ablakos \u00e9tkez\u0151s konyha ( konyha g\u00e9pes\u00edtett), k\u00e9t h\u00e1l\u00f3szoba (mindegyik saj\u00e1t teraszkapcsolattal), gardr\u00f3bhelyis\u00e9g, k\u00fcl\u00f6n WC, zuhanyz\u00f3s f\u00fcrd\u0151szoba, udvari t\u00e1rol\u00f3 a duplagar\u00e1zs m\u00f6g\u00f6tt, plusz udvari g\u00e9pkocsi be\u00e1ll\u00f3. Teljesen \u00faj g\u00e9p\u00e9szet ( v\u00edz, villany 3 f\u00e1zis, f\u0171t\u00e9s, kl\u00edma), ny\u00edl\u00e1sz\u00e1r\u00f3k, h\u0151szigetel\u00e9s. ( Akad\u00e1lymentes\u00edthet\u0151, nincsenek l\u00e9pcs\u0151k ! )<\/span><\/span><br \/><span style=\"background-color:rgb(255,255,255);color:rgb(16,17,19);\"><span style=\"-webkit-text-stroke-width:0px;display:inline !important;float:none;font-family:&quot;IBM Plex Sans&quot;, sans-serif;font-size:16px;font-style:normal;font-variant-caps:normal;font-variant-ligatures:normal;font-weight:400;letter-spacing:normal;orphans:2;text-align:start;text-decoration-color:initial;text-decoration-style:initial;text-decoration-thickness:initial;text-indent:0px;text-transform:none;white-space:normal;widows:2;word-spacing:0px;\">Ingatlancsere -besz\u00e1m\u00edt\u00e1s lehets\u00e9ges! 100 nm-n\u00e9l nagyobb lak\u00e1s, csal\u00e1di h\u00e1z Bud\u00e1n, II. ker, XII. ker, XI., ker, Buda\u00f6rs lok\u00e1ci\u00f3ban \u00e9rt\u00e9kegyeztet\u00e9ssel r\u00e1fizet\u00e9ssel besz\u00e1m\u00edthat\u00f3. Esetleg m\u00e1s lok\u00e1ci\u00f3ban is egy\u00e9b ingatlan, ipari, mez\u0151gazdas\u00e1gi, kereskedelmi is lehets\u00e9ges.<\/span><\/span><\/p>\n","protected":false},"excerpt":{"rendered":"<p>Ingatlancsere &#8211; besz\u00e1m\u00edt\u00e1s lehets\u00e9ges! Aki nem szeretne a fel\u00faj\u00edt\u00e1ssal m\u00e9rgel\u0151dni, nem szeretne sokat l\u00e9pcs\u0151zni \u00e9s azonnal egy berendezett h\u00e1zba k\u00f6lt\u00f6zne, akkor megtal\u00e1lta \u00e1lmai h\u00e1z\u00e1t. Csepelen Kir\u00e1lyerd\u0151n, teljesk\u00f6r\u0171en fel\u00faj\u00edtott csal\u00e1di h\u00e1z gondoz\u00e1smentes rendezett kis kerttel, dupla gar\u00e1zzsal elad\u00f3. Nappali teraszkapcsolattal, k\u00f6rbe ablakos \u00e9tkez\u0151s konyha ( konyha g\u00e9pes\u00edtett), k\u00e9t h\u00e1l\u00f3szoba (mindegyik saj\u00e1t teraszkapcsolattal), gardr\u00f3bhelyis\u00e9g, k\u00fcl\u00f6n WC, zuhanyz\u00f3s [&hellip;]<\/p>\n","protected":false},"author":1,"featured_media":18729,"parent":0,"menu_order":0,"template":"","property_type":[5586],"property_status":[36],"property_feature":[],"property_label":[5591],"property_country":[],"property_state":[770],"property_city":[791],"property_area":[],"class_list":["post-18728","property","type-property","status-publish","has-post-thumbnail","hentry","property_type-haz","property_status-elado","property_label-kiemelt","property_state-budapest","property_city-budapest-21"],"property_meta":{"_oracle_property_id":["3472"],"fave_agent_display_option":["agent_info"],"fave_agents":["17490"],"fave_property_map_address":["Budapest 21, Kir\u00e1lyerd\u0151 u. 64."],"fave_property_address":["Kir\u00e1lyerd\u0151 u. 64."],"fave_property_size":["95"],"fave_property_size_prefix":["m\u00b2"],"fave_property_price":["149900000"],"fave_property_country":["HU"],"fave_property_land":["250"],"fave_property_land_postfix":["m\u00b2"],"fave_property_bedrooms":["3"],"_thumbnail_id":["18729"],"houzez_total_property_views":["99"],"houzez_views_by_date":["a:28:{s:10:\"03-18-2026\";i:1;s:10:\"03-19-2026\";i:11;s:10:\"03-20-2026\";i:10;s:10:\"03-21-2026\";i:1;s:10:\"03-22-2026\";i:2;s:10:\"03-23-2026\";i:1;s:10:\"03-24-2026\";i:8;s:10:\"03-25-2026\";i:9;s:10:\"03-26-2026\";i:5;s:10:\"03-27-2026\";i:7;s:10:\"03-28-2026\";i:3;s:10:\"03-29-2026\";i:4;s:10:\"03-30-2026\";i:3;s:10:\"03-31-2026\";i:4;s:10:\"04-01-2026\";i:3;s:10:\"04-02-2026\";i:1;s:10:\"04-03-2026\";i:2;s:10:\"04-04-2026\";i:6;s:10:\"04-05-2026\";i:1;s:10:\"04-06-2026\";i:7;s:10:\"04-07-2026\";i:1;s:10:\"04-08-2026\";i:1;s:10:\"04-14-2026\";i:2;s:10:\"04-20-2026\";i:2;s:10:\"04-21-2026\";i:1;s:10:\"04-24-2026\";i:1;s:10:\"04-29-2026\";i:1;s:10:\"05-01-2026\";i:1;}"],"houzez_recently_viewed":["2026-05-01 12:01:43"],"_edit_lock":["1774024946:1"],"_edit_last":["1"],"fave_show_price_placeholder":["0"],"fave_property_location":["47.4056762,19.0959904,14"],"houzez_geolocation_lat":["47.4056762"],"houzez_geolocation_long":["19.0959904"],"fave_property_map_street_view":["hide"],"fave_single_top_area":["global"],"fave_single_content_area":["global"],"houzez_manual_expire":["0"],"_houzez_expiration_date_status":["saved"],"fave_property_images":["18730","18731","18732","18989","18990","18735","18736","18737","18738","18955"],"_elementor_page_assets":["a:0:{}"]},"_links":{"self":[{"href":"https:\/\/globalhungary.hu\/index.php\/wp-json\/wp\/v2\/properties\/18728","targetHints":{"allow":["GET"]}}],"collection":[{"href":"https:\/\/globalhungary.hu\/index.php\/wp-json\/wp\/v2\/properties"}],"about":[{"href":"https:\/\/globalhungary.hu\/index.php\/wp-json\/wp\/v2\/types\/property"}],"author":[{"embeddable":true,"href":"https:\/\/globalhungary.hu\/index.php\/wp-json\/wp\/v2\/users\/1"}],"version-history":[{"count":1,"href":"https:\/\/globalhungary.hu\/index.php\/wp-json\/wp\/v2\/properties\/18728\/revisions"}],"predecessor-version":[{"id":18769,"href":"https:\/\/globalhungary.hu\/index.php\/wp-json\/wp\/v2\/properties\/18728\/revisions\/18769"}],"wp:featuredmedia":[{"embeddable":true,"href":"https:\/\/globalhungary.hu\/index.php\/wp-json\/wp\/v2\/media\/18729"}],"wp:attachment":[{"href":"https:\/\/globalhungary.hu\/index.php\/wp-json\/wp\/v2\/media?parent=18728"}],"wp:term":[{"taxonomy":"property_type","embeddable":true,"href":"https:\/\/globalhungary.hu\/index.php\/wp-json\/wp\/v2\/property_type?post=18728"},{"taxonomy":"property_status","embeddable":true,"href":"https:\/\/globalhungary.hu\/index.php\/wp-json\/wp\/v2\/property_status?post=18728"},{"taxonomy":"property_feature","embeddable":true,"href":"https:\/\/globalhungary.hu\/index.php\/wp-json\/wp\/v2\/property_feature?post=18728"},{"taxonomy":"property_label","embeddable":true,"href":"https:\/\/globalhungary.hu\/index.php\/wp-json\/wp\/v2\/property_label?post=18728"},{"taxonomy":"property_country","embeddable":true,"href":"https:\/\/globalhungary.hu\/index.php\/wp-json\/wp\/v2\/property_country?post=18728"},{"taxonomy":"property_state","embeddable":true,"href":"https:\/\/globalhungary.hu\/index.php\/wp-json\/wp\/v2\/property_state?post=18728"},{"taxonomy":"property_city","embeddable":true,"href":"https:\/\/globalhungary.hu\/index.php\/wp-json\/wp\/v2\/property_city?post=18728"},{"taxonomy":"property_area","embeddable":true,"href":"https:\/\/globalhungary.hu\/index.php\/wp-json\/wp\/v2\/property_area?post=18728"}],"curies":[{"name":"wp","href":"https:\/\/api.w.org\/{rel}","templated":true}]}}